{"id":5,"date":"2020-11-03T04:13:56","date_gmt":"2020-11-03T04:13:56","guid":{"rendered":"https:\/\/cecip.org.br\/narrativasdepaz\/?page_id=5"},"modified":"2023-04-19T13:07:53","modified_gmt":"2023-04-19T13:07:53","slug":"projeto","status":"publish","type":"page","link":"https:\/\/cecip.org.br\/narrativasdepaz\/projeto\/","title":{"rendered":"O Projeto"},"content":{"rendered":"<p>[vc_row][vc_column width=&#8221;1\/1&#8243;][vc_gallery el_id=&#8221;gallery-205068&#8243; type=&#8221;carousel&#8221; medias=&#8221;526,527,528,529,530,671&#8243; carousel_lg=&#8221;1&#8243; carousel_md=&#8221;1&#8243; carousel_sm=&#8221;1&#8243; gutter_size=&#8221;0&#8243; carousel_interval=&#8221;3000&#8243; carousel_navspeed=&#8221;400&#8243; carousel_loop=&#8221;yes&#8221; carousel_dots=&#8221;yes&#8221; carousel_dots_mobile=&#8221;yes&#8221; stage_padding=&#8221;0&#8243; single_overlay_opacity=&#8221;50&#8243; single_padding=&#8221;2&#8243; single_border=&#8221;yes&#8221; no_double_tap=&#8221;yes&#8221; single_link=&#8221;url:https%3A%2F%2Fcecip.org.br%2Fnarrativasdepaz%2Fprojeto%2F|title:O%20Projeto|target:_blank&#8221;][\/vc_column][\/vc_row][vc_row][vc_column column_width_percent=&#8221;100&#8243; gutter_size=&#8221;3&#8243; back_color=&#8221;color-160780&#8243; overlay_alpha=&#8221;50&#8243; shift_x=&#8221;0&#8243; shift_y=&#8221;0&#8243; shift_y_down=&#8221;0&#8243; z_index=&#8221;0&#8243; medium_width=&#8221;0&#8243; mobile_width=&#8221;0&#8243; width=&#8221;1\/2&#8243;][vc_custom_heading auto_text=&#8221;yes&#8221; heading_semantic=&#8221;h1&#8243; text_font=&#8221;font-315019&#8243; text_size=&#8221;fontsize-168100&#8243; text_color=&#8221;color-150545&#8243;]Quem somos[\/vc_custom_heading][vc_column_text text_lead=&#8221;yes&#8221;]<\/p>\n<div class=\"uncode_text_column\">\n<p>A exposi\u00e7\u00e3o \u00e0 viol\u00eancia tem impactos devastadores para todos, especialmente para as crian\u00e7as na primeira inf\u00e2ncia, podendo comprometer o seu desenvolvimento f\u00edsico, emocional e cognitivo por toda a sua vida. As crian\u00e7as t\u00eam direito de crescer num ambiente saud\u00e1vel e seguro, com rela\u00e7\u00f5es permeadas pela paz.<\/p>\n<p>Como proteger as crian\u00e7as numa cidade como o Rio de Janeiro, onde as estat\u00edsticas s\u00e3o cada dia mais alarmantes e o refor\u00e7o di\u00e1rio dos meios de comunica\u00e7\u00e3o criam uma narrativa constante da viol\u00eancia? \u00c9 urgente a abertura de espa\u00e7os de di\u00e1logo e conviv\u00eancia n\u00e3o violenta para a elabora\u00e7\u00e3o de solu\u00e7\u00f5es coletivas que permitam que as crian\u00e7as n\u00e3o sejam socializadas num contexto de confronto, por um lado, e de descaso por outro, reproduzindo o ciclo da viol\u00eancia numa espiral da exclus\u00e3o social. \u00c9 urgente a constru\u00e7\u00e3o de outras narrativas, de Narrativas de Paz.<\/p>\n<p>Com base em metodologias desenvolvidas pelo CECIP de manejo de conflitos, o projeto tem como objetivo exercitar a Cultura de Paz com profissionais que atendem as crian\u00e7as na cidade. O Projeto traz \u00e0 tona o debate da primeira inf\u00e2ncia livre de viol\u00eancias na cidade do Rio de Janeiro, contribuindo para implementa\u00e7\u00e3o de pol\u00edticas p\u00fablicas voltadas ao desenvolvimento integral das crian\u00e7as pequenas.<\/p>\n<\/div>\n<p>[\/vc_column_text][\/vc_column][vc_column column_width_percent=&#8221;100&#8243; gutter_size=&#8221;3&#8243; back_color=&#8221;color-160390&#8243; overlay_alpha=&#8221;50&#8243; shift_x=&#8221;0&#8243; shift_y=&#8221;0&#8243; shift_y_down=&#8221;0&#8243; z_index=&#8221;0&#8243; medium_width=&#8221;0&#8243; mobile_width=&#8221;0&#8243; width=&#8221;1\/2&#8243;][vc_custom_heading heading_semantic=&#8221;h1&#8243; text_font=&#8221;font-315019&#8243; text_size=&#8221;fontsize-168100&#8243; text_color=&#8221;color-150545&#8243;]Etapas do Narrativas de Paz[\/vc_custom_heading][vc_column_text text_lead=&#8221;yes&#8221;]<span style=\"font-weight: 400;\">Em 2019 iniciamos nossa trajet\u00f3ria no bairro de Santa Teresa, com uma proposta piloto al\u00e7ando voos por diferentes caminhos e p\u00fablicos, tendo a primeira inf\u00e2ncia e a cultura de paz como dire\u00e7\u00e3o. O relato detalhado da experi\u00eancia do primeiro ano, constru\u00edda a muitas m\u00e3os com todos os parceiros, equipe e participantes, <a href=\"http:\/\/www.cecip.org.br\/site\/wp-content\/uploads\/2020\/08\/PUBLICA%C3%87%C3%83O-NARRATIVAS-DE-PAZ-FINALL.pdf\" target=\"_blank\" rel=\"noopener noreferrer\">pode ser lido aqui<\/a><\/span><span style=\"font-weight: 400;\">, na nossa publica\u00e7\u00e3o.\u00a0<\/span><\/p>\n<p><span style=\"font-weight: 400;\">Essa primeira experi\u00eancia nos trouxe muitas descobertas e aprendizados, que nos ajudaram a pensar a etapa de 2020 a 2022. Nossos parceiros no territ\u00f3rio, todos fundamentais para a realiza\u00e7\u00e3o das atividades, foram o Centro Municipal de Sa\u00fade Ernani Agr\u00edcola, o <a href=\"http:\/\/www.institutotrilho.org.br\/\" target=\"_blank\" rel=\"noopener noreferrer\">Instituto Trilho<\/a> e o Instituto <a href=\"https:\/\/www.institutomichelodent.com.br\/\" target=\"_blank\" rel=\"noopener noreferrer\">Michel Odent<\/a>. Nessa etapa concentramos as atividades em tr\u00eas grupos: gestantes e pu\u00e9rperas do grupo M\u00e3es de Santa, educadores de duas creches do bairro e as equipes de Agentes Comunit\u00e1rios de Sa\u00fade do CMS Ernani Agr\u00edcola.<\/span><\/p>\n<p>Em 2023, as atividades do projeto est\u00e3o mais focadas na educa\u00e7\u00e3o formal, nosso objetivo \u00e9 oferecer uma forma\u00e7\u00e3o aos profissionais da educa\u00e7\u00e3o infantil sobre a diversidade e equidade das crian\u00e7as na primeira inf\u00e2ncia. Al\u00e9m dessa forma\u00e7\u00e3o mais direcionada aos profissionais da educa\u00e7\u00e3o, seguimos com um componente de articula\u00e7\u00e3o territorial entre os servi\u00e7os que atendem as crian\u00e7as. Outra novidade \u00e9 que nessa etapa ampliamos a nossa \u00e1rea de atua\u00e7\u00e3o, seguimos em Santa Teresa mas teremos atividades em outras regi\u00f5es da cidade tamb\u00e9m. Acompanhe as not\u00edcias para ficar por dentro dos novos voos da nossa pombinha brincante![\/vc_column_text][\/vc_column][\/vc_row][vc_row][vc_column width=&#8221;1\/1&#8243;][vc_custom_heading heading_semantic=&#8221;h1&#8243; text_font=&#8221;font-315019&#8243; text_size=&#8221;fontsize-168100&#8243; text_color=&#8221;color-150545&#8243;]Equipe[\/vc_custom_heading][\/vc_column][\/vc_row][vc_row][vc_column column_width_percent=&#8221;100&#8243; gutter_size=&#8221;3&#8243; back_color=&#8221;color-118042&#8243; overlay_alpha=&#8221;50&#8243; shift_x=&#8221;0&#8243; shift_y=&#8221;0&#8243; shift_y_down=&#8221;0&#8243; z_index=&#8221;0&#8243; medium_width=&#8221;0&#8243; mobile_width=&#8221;0&#8243; width=&#8221;1\/2&#8243;][vc_custom_heading heading_semantic=&#8221;h3&#8243; text_size=&#8221;h3&#8243;]<b>EQUIPE CECIP<\/b>[\/vc_custom_heading][vc_gallery el_id=&#8221;gallery-127124&#8243; type=&#8221;carousel&#8221; medias=&#8221;677,678,679&#8243; carousel_lg=&#8221;1&#8243; carousel_md=&#8221;1&#8243; carousel_sm=&#8221;1&#8243; gutter_size=&#8221;3&#8243; carousel_interval=&#8221;3000&#8243; carousel_navspeed=&#8221;400&#8243; carousel_dots=&#8221;yes&#8221; carousel_dots_mobile=&#8221;yes&#8221; stage_padding=&#8221;0&#8243; single_overlay_opacity=&#8221;50&#8243; single_padding=&#8221;2&#8243; single_border=&#8221;yes&#8221;][vc_column_text text_lead=&#8221;yes&#8221;]<b>Diretoria<br \/>\n<\/b><b>Presidente<\/b><span style=\"font-weight: 400;\"> Lorenzo Ald\u00e9<\/span><span style=\"font-weight: 400;\"><br \/>\n<\/span><b>Vice-Presidente<\/b><span style=\"font-weight: 400;\">\u00a0\u00a0C\u00e2ndido Grzybowski<\/span><span style=\"font-weight: 400;\"><br \/>\n<\/span><b>Diretora Tesoureira<\/b><span style=\"font-weight: 400;\"> Eliana Brazil Protasio<\/span><\/p>\n<p><b>Diretoria Executiva<br \/>\n<\/b><b>Diretor Executivo<\/b><span style=\"font-weight: 400;\">\u00a0\u00a0Claudius Ceccon<\/span><span style=\"font-weight: 400;\"><br \/>\n<\/span><b>Diretora Administrativa<\/b><span style=\"font-weight: 400;\">\u00a0\u00a0Dinah Frott\u00e9<\/span><span style=\"font-weight: 400;\"><br \/>\n<\/span><b>Coordenadora de Projetos<\/b><span style=\"font-weight: 400;\">\u00a0\u00a0Gianne Neves<\/span><span style=\"font-weight: 400;\"><br \/>\n<\/span><b>Coordenadora Pedag\u00f3gica<\/b><span style=\"font-weight: 400;\">\u00a0\u00a0Madza Ednir<\/span><span style=\"font-weight: 400;\"><br \/>\n<\/span><b>Coordenador Financeiro<\/b><span style=\"font-weight: 400;\">\u00a0\u00a0Elcimar Oliveira<\/span><\/p>\n<p><b>Apoio aos Projetos<br \/>\n<\/b><b>Administrativo<\/b><span style=\"font-weight: 400;\">\u00a0 Marcelo Avance, N\u00e9ia Oliveira, Sirlene da Silva Alves<br \/>\n<\/span><b>Comunica\u00e7\u00e3o<\/b><span style=\"font-weight: 400;\">\u00a0 Beatriz Cruz e Ol\u00edvia Lopes<\/span>[\/vc_column_text][\/vc_column][vc_column column_width_percent=&#8221;100&#8243; gutter_size=&#8221;3&#8243; back_color=&#8221;color-101282&#8243; overlay_alpha=&#8221;50&#8243; shift_x=&#8221;0&#8243; shift_y=&#8221;0&#8243; shift_y_down=&#8221;0&#8243; z_index=&#8221;0&#8243; medium_width=&#8221;0&#8243; mobile_width=&#8221;0&#8243; width=&#8221;1\/2&#8243;][vc_custom_heading heading_semantic=&#8221;h3&#8243; text_size=&#8221;h3&#8243;]<b>EQUIPE NARRATIVAS DE PAZ<\/b>[\/vc_custom_heading][vc_gallery el_id=&#8221;gallery-171605&#8243; type=&#8221;carousel&#8221; medias=&#8221;1440,1147,786,673,674,768&#8243; carousel_lg=&#8221;1&#8243; carousel_md=&#8221;1&#8243; carousel_sm=&#8221;1&#8243; gutter_size=&#8221;3&#8243; carousel_interval=&#8221;3000&#8243; carousel_navspeed=&#8221;400&#8243; carousel_dots=&#8221;yes&#8221; carousel_dots_mobile=&#8221;yes&#8221; stage_padding=&#8221;0&#8243; single_overlay_opacity=&#8221;50&#8243; single_padding=&#8221;2&#8243; single_border=&#8221;yes&#8221;][vc_column_text text_lead=&#8221;yes&#8221;]<\/p>\n<p style=\"text-align: left;\"><strong>Facilita\u00e7\u00e3o<br \/>\n<\/strong><strong>Elisa Brazil<br \/>\n<\/strong>Assistente Social &#8211; UFRJ, Mestranda em Pol\u00edticas P\u00fablicas em Direitos Humanos &#8211; UFRJ, Especialista em Educa\u00e7\u00e3o Infantil &#8211; PUC-RJ, sempre em busca de forma\u00e7\u00e3o e trocas de conhecimentos, dentre elas: curso de extens\u00e3o \u201cA crian\u00e7a e a cidade: Participa\u00e7\u00e3o infantil na constru\u00e7\u00e3o de pol\u00edticas p\u00fablicas\u201d &#8211; UFMG; Curso On\u00e3 &#8211; Inf\u00e2ncia e Rela\u00e7\u00f5es \u00c9tnico-Raciais; Curso de Extens\u00e3o M\u00eddia, Viol\u00eancia e Direitos Humanos &#8211; UFRJ. Contribuo h\u00e1 algum tempo no CECIP, integrando o n\u00facleo de Cultura de PAZ (NEP) e N\u00facleo de Inf\u00e2ncia (NIC) como facilitadora de mudan\u00e7as educacionais, compondo a coordena\u00e7\u00e3o compartilhada do projeto Balaio de Livros e prestando assessoria na \u00e1rea de defesa e garantia de direitos. Meus momentos de respiros s\u00e3o quando me conecto com a natureza, de p\u00e9s descal\u00e7os. Me juntar com pessoas, suas sabedorias e causos diversos, de olhos e ouvidos atentos \u00e0s suas leituras de mundo, em luta, ombro a ombro, \u00e9 o que me move.<\/p>\n<p><span style=\"font-weight: 400;\"><strong>Fabr\u00edcia do Nascimento<br \/>\n<\/strong>Colaboradora do CECIP, atuando como facilitadora no Projeto Narrativas de Paz. Educadora Popular, licenciada em educa\u00e7\u00e3o do Campo pela UFRRJ, Especialista em Educa\u00e7\u00e3o de Jovens e Adultos do IFRJ, Especialista em Educa\u00e7\u00e3o Tecnol\u00f3gica pelo CEFET\/RJ e Mestra em Educa\u00e7\u00e3o pela UFRRJ\/PPGEDUC.<br \/>\n<\/span><\/p>\n<p style=\"text-align: left;\"><span style=\"font-weight: 400;\"><strong>Flavia Fassi Samel<br \/>\n<\/strong>Educadora e Psic\u00f3loga \u2013 UFRJ com p\u00f3s-gradua\u00e7\u00e3o em media\u00e7\u00e3o de conflitos \u2013 UERJ. Tenho atuado como facilitadora de grupos na \u00e1rea de cultura de paz desde 2003 incluindo escolas, empresas, igrejas, projetos sociais e o setor p\u00fablico. No CECIP, desde 2010, fa\u00e7o parte em projetos na preven\u00e7\u00e3o da viol\u00eancia contra crian\u00e7as e adolescentes com foco na promo\u00e7\u00e3o da sa\u00fade mental e emocional das pessoas.<br \/>\nSou apaixonada por bicicleta e fa\u00e7o parte do Clube Carioca de Canoagem, quando estou no mar tenho a chance de ver, por um outro \u00e2ngulo, a cidade e suas montanhas, como tenho aprendido nos grupos que fa\u00e7o parte: preciso de outros olhares para aprender a enxergar o que eu n\u00e3o vejo.<\/span><\/p>\n<p style=\"text-align: left;\"><strong>Soraia Melo<br \/>\n<\/strong>Jornalista \u2013 Universidade Cat\u00f3lica de Santos (2006) e Mestre em Educa\u00e7\u00e3o, Cultura e Comunica\u00e7\u00e3o em Periferias Urbanas \u2013 FEBF UERJ(2018). Doula formada pela Fiocruz. M\u00e3e da Dora de 4 anos. Desde 2011, tenho atuado no CECIP e ao longo dos anos em diferentes projetos com temas como: Educa\u00e7\u00e3o para a Paz, Primeira Inf\u00e2ncia, Articula\u00e7\u00f5es pol\u00edticas, Comunica\u00e7\u00e3o e Advocacy.<br \/>\nCoordenadora da Rede N\u00e3o Bata, Eduque. Brincante da Cultura Popular Brasileira, fundadora e apito do grupo de Maracatu Baques do Pina.<\/p>\n<p style=\"text-align: left;\"><strong>Comunica\u00e7\u00e3o<\/strong> Tatiana Martins<br \/>\n<span style=\"font-weight: 400;\">Artista visual &#8211; UFRGS, mestre em Museologia &#8211; UNIRIO\/MAST e especialista em Projetos Digitais &#8211; IED\/Rio. As experi\u00eancias profissionais \u00e0s quais tenho me dedicado desde que cheguei ao Rio de Janeiro, em 2006, se dirigem ao campo da educa\u00e7\u00e3o formal e n\u00e3o formal, \u00e0 potencializa\u00e7\u00e3o da criatividade e \u00e0 amplia\u00e7\u00e3o do repert\u00f3rio no fazer que se relaciona com arte, tecnologia e educa\u00e7\u00e3o. Desde 2009, tenho atuado em diferentes projetos junto ao CECIP.<br \/>\n<\/span><span style=\"font-weight: 400;\">Pratico yoga e medita\u00e7\u00e3o desde 2007, gosto do que \u00e9 simples e prefiro estar em meio \u00e0 natureza. Desde crian\u00e7a, meu prazer \u00e9 desenhar.<\/span><\/p>\n<p style=\"text-align: left;\"><strong>Coordena\u00e7\u00e3o <\/strong>Maria Mostafa<br \/>\nDoutora em Pol\u00edticas P\u00fablicas e Forma\u00e7\u00e3o Humana \u2013 UERJ, colaboro com o CECIP em diferentes projetos desde 2011. Atuei como facilitadora e coordenadora do projeto Jovens e seu Potencial Criativo na Resolu\u00e7\u00e3o de Conflitos, como coordenadora da Secretaria Executiva da Rede Nacional Primeira Inf\u00e2ncia (2016\/2017), e facilitadora do curso para elabora\u00e7\u00e3o dos Planos Municipais pela Primeira Inf\u00e2ncia.<br \/>\nGosto de brincar com adultos e crian\u00e7as, gosto de conhecer lugares diferentes, de aprender sobre o mundo e imaginar outras vidas poss\u00edveis.<\/p>\n<p>[\/vc_column_text][\/vc_column][\/vc_row]<\/p>\n","protected":false},"excerpt":{"rendered":"<p>[vc_row][vc_column width=&#8221;1\/1&#8243;][vc_gallery el_id=&#8221;gallery-205068&#8243; type=&#8221;carousel&#8221; medias=&#8221;526,527,528,529,530,671&#8243; carousel_lg=&#8221;1&#8243; carousel_md=&#8221;1&#8243; carousel_sm=&#8221;1&#8243; gutter_size=&#8221;0&#8243; carousel_interval=&#8221;3000&#8243; carousel_navspeed=&#8221;400&#8243; carousel_loop=&#8221;yes&#8221; carousel_dots=&#8221;yes&#8221; carousel_dots_mobile=&#8221;yes&#8221; stage_padding=&#8221;0&#8243; single_overlay_opacity=&#8221;50&#8243; single_padding=&#8221;2&#8243; single_border=&#8221;yes&#8221; no_double_tap=&#8221;yes&#8221; single_link=&#8221;url:https%3A%2F%2Fcecip.org.br%2Fnarrativasdepaz%2Fprojeto%2F|title:O%20Projeto|target:_blank&#8221;][\/vc_column][\/vc_row][vc_row][vc_column [&hellip;]<\/p>\n","protected":false},"author":1,"featured_media":0,"parent":0,"menu_order":0,"comment_status":"closed","ping_status":"closed","template":"","meta":[],"_links":{"self":[{"href":"https:\/\/cecip.org.br\/narrativasdepaz\/wp-json\/wp\/v2\/pages\/5"}],"collection":[{"href":"https:\/\/cecip.org.br\/narrativasdepaz\/wp-json\/wp\/v2\/pages"}],"about":[{"href":"https:\/\/cecip.org.br\/narrativasdepaz\/wp-json\/wp\/v2\/types\/page"}],"author":[{"embeddable":true,"href":"https:\/\/cecip.org.br\/narrativasdepaz\/wp-json\/wp\/v2\/users\/1"}],"replies":[{"embeddable":true,"href":"https:\/\/cecip.org.br\/narrativasdepaz\/wp-json\/wp\/v2\/comments?post=5"}],"version-history":[{"count":85,"href":"https:\/\/cecip.org.br\/narrativasdepaz\/wp-json\/wp\/v2\/pages\/5\/revisions"}],"predecessor-version":[{"id":1565,"href":"https:\/\/cecip.org.br\/narrativasdepaz\/wp-json\/wp\/v2\/pages\/5\/revisions\/1565"}],"wp:attachment":[{"href":"https:\/\/cecip.org.br\/narrativasdepaz\/wp-json\/wp\/v2\/media?parent=5"}],"curies":[{"name":"wp","href":"https:\/\/api.w.org\/{rel}","templated":true}]}}