{"id":50,"date":"2020-11-17T08:52:38","date_gmt":"2020-11-17T08:52:38","guid":{"rendered":"https:\/\/cecip.org.br\/narrativasdepaz\/?page_id=50"},"modified":"2024-02-15T15:25:56","modified_gmt":"2024-02-15T15:25:56","slug":"inicio","status":"publish","type":"page","link":"https:\/\/cecip.org.br\/narrativasdepaz\/","title":{"rendered":"in\u00edcio"},"content":{"rendered":"<p>[vc_row unlock_row_content=&#8221;yes&#8221; row_height_percent=&#8221;0&#8243; override_padding=&#8221;yes&#8221; h_padding=&#8221;1&#8243; top_padding=&#8221;1&#8243; bottom_padding=&#8221;1&#8243; overlay_alpha=&#8221;50&#8243; equal_height=&#8221;yes&#8221; gutter_size=&#8221;0&#8243; column_width_percent=&#8221;100&#8243; shift_y=&#8221;0&#8243; z_index=&#8221;0&#8243;][vc_column column_width_percent=&#8221;100&#8243; position_horizontal=&#8221;right&#8221; gutter_size=&#8221;3&#8243; override_padding=&#8221;yes&#8221; column_padding=&#8221;0&#8243; back_color=&#8221;color-xsdn&#8221; overlay_alpha=&#8221;50&#8243; shift_x=&#8221;0&#8243; shift_y=&#8221;0&#8243; shift_y_down=&#8221;0&#8243; z_index=&#8221;0&#8243; medium_width=&#8221;0&#8243; mobile_width=&#8221;0&#8243; width=&#8221;1\/2&#8243; mobile_height=&#8221;340&#8243;][vc_single_image media=&#8221;1359&#8243; media_width_percent=&#8221;100&#8243; shape=&#8221;img-round&#8221; border=&#8221;yes&#8221; advanced=&#8221;yes&#8221; media_items=&#8221;media|original&#8221; media_overlay_opacity=&#8221;50&#8243; media_padding=&#8221;2&#8243; lbox_title=&#8221;yes&#8221;][vc_separator][\/vc_column][vc_column column_width_percent=&#8221;100&#8243; gutter_size=&#8221;3&#8243; override_padding=&#8221;yes&#8221; column_padding=&#8221;3&#8243; back_color=&#8221;color-xsdn&#8221; overlay_alpha=&#8221;50&#8243; shift_x=&#8221;0&#8243; shift_y=&#8221;0&#8243; shift_y_down=&#8221;0&#8243; z_index=&#8221;0&#8243; medium_width=&#8221;0&#8243; mobile_width=&#8221;0&#8243; width=&#8221;1\/2&#8243;][vc_column_text text_lead=&#8221;small&#8221;]O Narrativas de Paz \u00e9 um projeto com foco na promo\u00e7\u00e3o da primeira inf\u00e2ncia na cidade do Rio de Janeiro. Realizado pelo CECIP Centro de Cria\u00e7\u00e3o de Imagem Popular e iniciado em 2019, o projeto tem como princ\u00edpio e m\u00e9todo o exerc\u00edcio da cultura de paz em atividades com fam\u00edlias, profissionais da sa\u00fade e da educa\u00e7\u00e3o, visando um fortalecimento comunit\u00e1rio que tenha a crian\u00e7a como prioridade.<\/p>\n<p>Os parceiros do projeto no territ\u00f3rio participam dessa constru\u00e7\u00e3o coletiva na inven\u00e7\u00e3o de novas narrativas para as crian\u00e7as, com promo\u00e7\u00e3o do cuidado integral, da parentalidade positiva e da educa\u00e7\u00e3o sem viol\u00eancia.[\/vc_column_text][vc_button button_color=&#8221;color-150545&#8243; wide=&#8221;yes&#8221; border_width=&#8221;0&#8243; link=&#8221;url:https%3A%2F%2Fcecip.org.br%2Fnarrativasdepaz%2Fprojeto%2F|title:Narrativas%20de%20Paz&#8221;]clique aqui para nos conhecer[\/vc_button][\/vc_column][\/vc_row][vc_row row_height_percent=&#8221;0&#8243; back_color=&#8221;color-vyce&#8221; overlay_alpha=&#8221;90&#8243; gutter_size=&#8221;3&#8243; column_width_percent=&#8221;100&#8243; shift_y=&#8221;0&#8243; z_index=&#8221;0&#8243;][vc_column column_width_use_pixel=&#8221;yes&#8221; align_horizontal=&#8221;align_center&#8221; gutter_size=&#8221;3&#8243; back_color=&#8221;color-xsdn&#8221; overlay_alpha=&#8221;50&#8243; shift_x=&#8221;0&#8243; shift_y=&#8221;0&#8243; shift_y_down=&#8221;0&#8243; z_index=&#8221;0&#8243; medium_width=&#8221;0&#8243; mobile_width=&#8221;0&#8243; css_animation=&#8221;alpha-anim&#8221; animation_delay=&#8221;200&#8243; width=&#8221;1\/1&#8243;][vc_row_inner row_inner_height_percent=&#8221;0&#8243; back_color=&#8221;color-xsdn&#8221; overlay_alpha=&#8221;50&#8243; gutter_size=&#8221;3&#8243; shift_y=&#8221;0&#8243; z_index=&#8221;0&#8243; limit_content=&#8221;&#8221;][vc_column_inner column_width_percent=&#8221;100&#8243; position_vertical=&#8221;bottom&#8221; align_horizontal=&#8221;align_center&#8221; gutter_size=&#8221;2&#8243; overlay_alpha=&#8221;50&#8243; shift_x=&#8221;0&#8243; shift_y=&#8221;0&#8243; shift_y_down=&#8221;0&#8243; z_index=&#8221;0&#8243; medium_width=&#8221;0&#8243; mobile_width=&#8221;0&#8243; width=&#8221;1\/1&#8243;][\/vc_column_inner][\/vc_row_inner][vc_row_inner row_inner_height_percent=&#8221;0&#8243; back_color=&#8221;color-xsdn&#8221; overlay_alpha=&#8221;50&#8243; gutter_size=&#8221;3&#8243; shift_y=&#8221;0&#8243; z_index=&#8221;0&#8243; limit_content=&#8221;&#8221;][vc_column_inner column_width_percent=&#8221;100&#8243; position_vertical=&#8221;bottom&#8221; gutter_size=&#8221;3&#8243; back_color=&#8221;color-xsdn&#8221; overlay_alpha=&#8221;50&#8243; shift_x=&#8221;0&#8243; shift_y=&#8221;0&#8243; shift_y_down=&#8221;0&#8243; z_index=&#8221;0&#8243; medium_width=&#8221;0&#8243; mobile_width=&#8221;0&#8243; width=&#8221;1\/3&#8243;][vc_single_image media=&#8221;1853&#8243; media_width_percent=&#8221;100&#8243; media_link=&#8221;url:https%3A%2F%2Fcecip.org.br%2Fnarrativasdepaz%2Fcurso%2F|title:Curso&#8221;][\/vc_column_inner][vc_column_inner column_width_use_pixel=&#8221;yes&#8221; position_horizontal=&#8221;left&#8221; position_vertical=&#8221;middle&#8221; gutter_size=&#8221;3&#8243; overlay_alpha=&#8221;50&#8243; shift_x=&#8221;0&#8243; shift_y=&#8221;0&#8243; shift_y_down=&#8221;0&#8243; z_index=&#8221;0&#8243; medium_width=&#8221;0&#8243; mobile_width=&#8221;0&#8243; width=&#8221;2\/3&#8243; column_width_pixel=&#8221;700&#8243;][vc_custom_heading heading_semantic=&#8221;h1&#8243; text_font=&#8221;font-315019&#8243; text_size=&#8221;fontsize-168100&#8243; sub_reduced=&#8221;yes&#8221;]<a href=\"https:\/\/cecip.org.br\/narrativasdepaz\/curso\/\"><span class=\"font-315019\">EXPERIMENTANDO NARRATIVAS DE PAZ E DIVERSIDADES NA EDUCA\u00c7\u00c3O INFANTIL<\/span><\/a>[\/vc_custom_heading][vc_custom_heading heading_semantic=&#8221;h1&#8243; text_font=&#8221;font-315019&#8243; text_size=&#8221;h1&#8243; text_color=&#8221;accent&#8221; sub_reduced=&#8221;yes&#8221;]<\/p>\n<h4 style=\"text-align: left;\"><strong><a href=\"https:\/\/cecip.org.br\/narrativasdepaz\/curso\/\">CLIQUE AQUI para acessar as informa\u00e7\u00f5es e materiais de apoio do Curso<\/a><\/strong><\/h4>\n<p>[\/vc_custom_heading][\/vc_column_inner][\/vc_row_inner][\/vc_column][\/vc_row][vc_row][vc_column width=&#8221;1\/4&#8243;][\/vc_column][vc_column width=&#8221;1\/2&#8243;][\/vc_column][vc_column width=&#8221;1\/4&#8243;][\/vc_column][\/vc_row][vc_row row_height_percent=&#8221;0&#8243; back_color=&#8221;color-160780&#8243; overlay_alpha=&#8221;90&#8243; gutter_size=&#8221;3&#8243; column_width_percent=&#8221;100&#8243; shift_y=&#8221;0&#8243; z_index=&#8221;0&#8243;][vc_column column_width_use_pixel=&#8221;yes&#8221; align_horizontal=&#8221;align_center&#8221; gutter_size=&#8221;3&#8243; back_color=&#8221;color-160780&#8243; overlay_alpha=&#8221;50&#8243; shift_x=&#8221;0&#8243; shift_y=&#8221;0&#8243; shift_y_down=&#8221;0&#8243; z_index=&#8221;0&#8243; medium_width=&#8221;0&#8243; mobile_width=&#8221;0&#8243; css_animation=&#8221;alpha-anim&#8221; animation_delay=&#8221;200&#8243; width=&#8221;1\/1&#8243;][vc_row_inner row_inner_height_percent=&#8221;0&#8243; back_color=&#8221;color-160780&#8243; overlay_alpha=&#8221;50&#8243; gutter_size=&#8221;3&#8243; shift_y=&#8221;0&#8243; z_index=&#8221;0&#8243; limit_content=&#8221;&#8221;][vc_column_inner column_width_use_pixel=&#8221;yes&#8221; align_horizontal=&#8221;align_center&#8221; gutter_size=&#8221;3&#8243; overlay_alpha=&#8221;50&#8243; shift_x=&#8221;0&#8243; shift_y=&#8221;0&#8243; z_index=&#8221;0&#8243; medium_width=&#8221;0&#8243; mobile_width=&#8221;0&#8243; width=&#8221;1\/1&#8243; column_width_pixel=&#8221;700&#8243;][vc_custom_heading heading_semantic=&#8221;h3&#8243; text_font=&#8221;font-315019&#8243; text_size=&#8221;fontsize-168100&#8243; sub_reduced=&#8221;yes&#8221;]Not\u00edcias[\/vc_custom_heading][vc_single_image media=&#8221;1401&#8243; media_width_percent=&#8221;100&#8243;][vc_button button_color=&#8221;color-532360&#8243; border_width=&#8221;0&#8243; link=&#8221;url:https%3A%2F%2Fdrive.google.com%2Ffile%2Fd%2F1QDxuescO0WlV3n3ZDcSX70pXg4BIuKwi%2Fview%3Fusp%3Dshare_link|title:O%20Globo%20-%20mat%C3%A9ria%20Narrativas%20de%20Paz|target:_blank&#8221;]clique aqui para acessar e ler a mat\u00e9ria completa no Jornal O Globo de 19\/11\/2022 sobre o projeto Narrativas de Paz![\/vc_button][vc_separator][vc_button button_color=&#8221;accent&#8221; wide=&#8221;yes&#8221; border_width=&#8221;0&#8243; link=&#8221;url:https%3A%2F%2Fcecip.org.br%2Fnarrativasdepaz%2Fnoticias%2F&#8221;]Por aqui voc\u00ea l\u00ea tudo o que acontece no projeto![\/vc_button][\/vc_column_inner][\/vc_row_inner][vc_row_inner row_inner_height_percent=&#8221;0&#8243; force_width_grid=&#8221;yes&#8221; overlay_alpha=&#8221;50&#8243; gutter_size=&#8221;3&#8243; shift_y=&#8221;0&#8243; z_index=&#8221;0&#8243; limit_content=&#8221;&#8221;][vc_column_inner column_width_percent=&#8221;100&#8243; gutter_size=&#8221;3&#8243; back_color=&#8221;color-208561&#8243; overlay_alpha=&#8221;50&#8243; shift_x=&#8221;0&#8243; shift_y=&#8221;0&#8243; shift_y_down=&#8221;0&#8243; z_index=&#8221;0&#8243; medium_width=&#8221;0&#8243; mobile_width=&#8221;0&#8243; width=&#8221;1\/3&#8243;][uncode_index el_id=&#8221;index-121463&#8243; index_type=&#8221;carousel&#8221; loop=&#8221;size:1|order_by:date|post_type:post|categories:5|taxonomy_count:10&#8243; carousel_lg=&#8221;1&#8243; carousel_md=&#8221;1&#8243; carousel_sm=&#8221;1&#8243; thumb_size=&#8221;two-one&#8221; gutter_size=&#8221;3&#8243; post_items=&#8221;media|featured|onpost|original,title,text|full|150,link|default|default_size|saiba mais&#8221; carousel_interval=&#8221;3000&#8243; carousel_navspeed=&#8221;400&#8243; stage_padding=&#8221;0&#8243; single_overlay_opacity=&#8221;50&#8243; single_padding=&#8221;2&#8243; single_title_dimension=&#8221;h3&#8243; single_text_lead=&#8221;yes&#8221; single_border=&#8221;yes&#8221;][\/vc_column_inner][vc_column_inner column_width_percent=&#8221;100&#8243; gutter_size=&#8221;3&#8243; back_color=&#8221;color-118042&#8243; overlay_alpha=&#8221;50&#8243; shift_x=&#8221;0&#8243; shift_y=&#8221;0&#8243; shift_y_down=&#8221;0&#8243; z_index=&#8221;0&#8243; medium_width=&#8221;0&#8243; mobile_width=&#8221;0&#8243; width=&#8221;1\/3&#8243;][uncode_index el_id=&#8221;index-109734&#8243; index_type=&#8221;carousel&#8221; loop=&#8221;size:1|order_by:date|post_type:post|categories:4|taxonomy_count:10&#8243; carousel_lg=&#8221;1&#8243; carousel_md=&#8221;1&#8243; carousel_sm=&#8221;1&#8243; thumb_size=&#8221;two-one&#8221; gutter_size=&#8221;3&#8243; post_items=&#8221;media|featured|onpost|original,title,text|full|150,link|default|default_size|saiba mais&#8221; carousel_interval=&#8221;3000&#8243; carousel_navspeed=&#8221;400&#8243; stage_padding=&#8221;0&#8243; single_overlay_opacity=&#8221;50&#8243; single_padding=&#8221;2&#8243; single_title_dimension=&#8221;h3&#8243; single_text_lead=&#8221;yes&#8221; single_border=&#8221;yes&#8221;][\/vc_column_inner][vc_column_inner column_width_percent=&#8221;100&#8243; gutter_size=&#8221;3&#8243; back_color=&#8221;color-101282&#8243; overlay_alpha=&#8221;50&#8243; shift_x=&#8221;0&#8243; shift_y=&#8221;0&#8243; shift_y_down=&#8221;0&#8243; z_index=&#8221;0&#8243; medium_width=&#8221;0&#8243; mobile_width=&#8221;0&#8243; width=&#8221;1\/3&#8243;][uncode_index el_id=&#8221;index-724964&#8243; index_type=&#8221;carousel&#8221; loop=&#8221;size:1|order_by:date|post_type:post|categories:3|taxonomy_count:10&#8243; carousel_lg=&#8221;1&#8243; carousel_md=&#8221;1&#8243; carousel_sm=&#8221;1&#8243; thumb_size=&#8221;two-one&#8221; gutter_size=&#8221;3&#8243; post_items=&#8221;media|featured|onpost|original,title,text|full|150,link|default|default_size|saiba mais&#8221; carousel_interval=&#8221;3000&#8243; carousel_navspeed=&#8221;400&#8243; stage_padding=&#8221;0&#8243; single_overlay_opacity=&#8221;50&#8243; single_padding=&#8221;2&#8243; single_title_dimension=&#8221;h3&#8243; single_text_lead=&#8221;yes&#8221; single_border=&#8221;yes&#8221;][\/vc_column_inner][\/vc_row_inner][\/vc_column][\/vc_row][vc_row][vc_column width=&#8221;1\/2&#8243;][vc_single_image media=&#8221;1481&#8243; media_width_percent=&#8221;100&#8243;][\/vc_column][vc_column width=&#8221;1\/2&#8243;][vc_row_inner limit_content=&#8221;&#8221;][vc_column_inner width=&#8221;1\/1&#8243;][vc_custom_heading heading_semantic=&#8221;h1&#8243; text_font=&#8221;font-315019&#8243; text_size=&#8221;h1&#8243; text_color=&#8221;color-jevc&#8221; sub_reduced=&#8221;yes&#8221;]Vacina\u00e7\u00e3o Infantil contra a COVID-19[\/vc_custom_heading][vc_column_text text_lead=&#8221;small&#8221;]<\/p>\n<h4><span style=\"font-weight: 400;\">O projeto Narrativas de Paz, em parceria com o Centro Municipal de Sa\u00fade Ernani Agr\u00edcola, fortalece a campanha de vacina\u00e7\u00e3o infantil e acredita que crian\u00e7as vacinadas est\u00e3o protegidas e podem brincar \u00e0 vontade.<br \/>\nA ideia de ter como s\u00edmbolo da campanha um cata-vento surgiu da diretora do CMS, Cristina Gon\u00e7alves, pois para ela \u00e9 um brinquedo que representa o movimento e a dissemina\u00e7\u00e3o da informa\u00e7\u00e3o, no caso da Campanha de Vacina\u00e7\u00e3o Infantil, uma forma de chegar a mais fam\u00edlias.<br \/>\nA partir dessa proposta, o cartunista e diretor do CECIP, Claudius Ceccon, junto com a designer do projeto Tatiana Martins, criaram uma imagem de crian\u00e7as brincando com o cata-vento no territ\u00f3rio de Santa Teresa, onde o projeto Narrativas de Paz atua desde 2019 e vem fortalecendo parcerias a partir dos temas de desenvolvimento infantil e cultura de paz. <\/span><\/h4>\n<h4><span style=\"font-weight: 400;\">O cartaz est\u00e1 dispon\u00edvel para impress\u00e3o nos tamanhos A4 e A3, basta clicar nos links abaixo para fazer o download.<\/span><\/h4>\n<p>[\/vc_column_text][vc_button button_color=&#8221;accent&#8221; wide=&#8221;yes&#8221; border_width=&#8221;0&#8243; link=&#8221;url:https%3A%2F%2Fdrive.google.com%2Ffile%2Fd%2F1BZ9THKfeUvuxOh4He63fI-ZDtZThCddM%2Fview%3Fusp%3Dsharing|title:Impress%C3%A3o%20A4%20-%2021%2C0%20x%2029%2C7%20cm|target:_blank&#8221;]Baixe o cartaz para impress\u00e3o A4 &#8211; 21,0 x 29,7 cm[\/vc_button][vc_button button_color=&#8221;accent&#8221; wide=&#8221;yes&#8221; border_width=&#8221;0&#8243; link=&#8221;url:https%3A%2F%2Fdrive.google.com%2Ffile%2Fd%2F13EmGIb57o02wakB9qD8hsn2yKahDVCVz%2Fview%3Fusp%3Dsharing|title:Impress%C3%A3o%20A3%20-%2029%2C7%20x%2042%2C0%20cm|target:_blank&#8221;]Baixe o cartaz para impress\u00e3o A3 &#8211; 29,7 x 42,0 cm[\/vc_button][\/vc_column_inner][\/vc_row_inner][\/vc_column][\/vc_row][vc_row row_height_percent=&#8221;0&#8243; back_color=&#8221;color-160390&#8243; overlay_alpha=&#8221;50&#8243; gutter_size=&#8221;3&#8243; column_width_percent=&#8221;100&#8243; shift_y=&#8221;0&#8243; z_index=&#8221;0&#8243;][vc_column column_width_percent=&#8221;100&#8243; gutter_size=&#8221;3&#8243; overlay_alpha=&#8221;50&#8243; shift_x=&#8221;0&#8243; shift_y=&#8221;0&#8243; shift_y_down=&#8221;0&#8243; z_index=&#8221;0&#8243; medium_width=&#8221;0&#8243; mobile_width=&#8221;0&#8243; width=&#8221;1\/1&#8243;][vc_custom_heading text_font=&#8221;font-315019&#8243; text_size=&#8221;fontsize-192918&#8243;]Onde estamos[\/vc_custom_heading][vc_column_text]<\/p>\n<p class=\"p1\">O Projeto Narrativas de Paz parte do<strong> CECIP <\/strong>e tem seus pontos de atua\u00e7\u00e3o em creches e centros de sa\u00fade da cidade do Rio de Janeiro.<\/p>\n<p class=\"p1\"><strong>CECIP Centro de Cria\u00e7\u00e3o de Imagem Popular<\/strong> | Rua da Gl\u00f3ria, 190 &#8211; Sala 202 &#8211; Gl\u00f3ria, Rio de Janeiro &#8211; RJ, 20241-180<\/p>\n<p>Telefone: <strong>(21) 2509-3812<\/strong>[\/vc_column_text][vc_raw_html]JTNDaWZyYW1lJTIwc3JjJTNEJTIyaHR0cHMlM0ElMkYlMkZ3d3cuZ29vZ2xlLmNvbSUyRm1hcHMlMkZkJTJGdSUyRjAlMkZlbWJlZCUzRm1pZCUzRDFGX0xzdnlxMzhYYktRMTNEMkxGMEFHMmQyQkR6eTZfTiUyMiUyMHdpZHRoJTNEJTIyNjQwJTIyJTIwaGVpZ2h0JTNEJTIyNDgwJTIyJTNFJTNDJTJGaWZyYW1lJTNF[\/vc_raw_html][\/vc_column][\/vc_row][vc_row row_height_percent=&#8221;0&#8243; back_color=&#8221;color-160390&#8243; overlay_alpha=&#8221;50&#8243; gutter_size=&#8221;3&#8243; column_width_percent=&#8221;100&#8243; shift_y=&#8221;0&#8243; z_index=&#8221;0&#8243;][vc_column column_width_percent=&#8221;100&#8243; gutter_size=&#8221;3&#8243; overlay_alpha=&#8221;50&#8243; shift_x=&#8221;0&#8243; shift_y=&#8221;0&#8243; shift_y_down=&#8221;0&#8243; z_index=&#8221;0&#8243; medium_width=&#8221;0&#8243; mobile_width=&#8221;0&#8243; width=&#8221;1\/1&#8243;][vc_custom_heading text_font=&#8221;font-315019&#8243; text_size=&#8221;fontsize-192918&#8243;]Entre em contato[\/vc_custom_heading]<div role=\"form\" class=\"wpcf7\" id=\"wpcf7-f54-o1\" lang=\"pt-PT\" dir=\"ltr\">\n<div class=\"screen-reader-response\"><p role=\"status\" aria-live=\"polite\" aria-atomic=\"true\"><\/p> <ul><\/ul><\/div>\n<form action=\"\/narrativasdepaz\/wp-json\/wp\/v2\/pages\/50#wpcf7-f54-o1\" method=\"post\" class=\"wpcf7-form init\" novalidate=\"novalidate\" data-status=\"init\">\n<div style=\"display: none;\">\n<input type=\"hidden\" name=\"_wpcf7\" value=\"54\" \/>\n<input type=\"hidden\" name=\"_wpcf7_version\" value=\"5.3.2\" \/>\n<input type=\"hidden\" name=\"_wpcf7_locale\" value=\"pt_PT\" \/>\n<input type=\"hidden\" name=\"_wpcf7_unit_tag\" value=\"wpcf7-f54-o1\" \/>\n<input type=\"hidden\" name=\"_wpcf7_container_post\" value=\"0\" \/>\n<input type=\"hidden\" name=\"_wpcf7_posted_data_hash\" value=\"\" \/>\n<\/div>\n<p><label> Nome<br \/>\n    <span class=\"wpcf7-form-control-wrap your-name\"><input type=\"text\" name=\"your-name\" value=\"\" size=\"40\" class=\"wpcf7-form-control wpcf7-text wpcf7-validates-as-required\" aria-required=\"true\" aria-invalid=\"false\" \/><\/span> <\/label><\/p>\n<p><label> Email<br \/>\n    <span class=\"wpcf7-form-control-wrap your-email\"><input type=\"email\" name=\"your-email\" value=\"\" size=\"40\" class=\"wpcf7-form-control wpcf7-text wpcf7-email wpcf7-validates-as-required wpcf7-validates-as-email\" aria-required=\"true\" aria-invalid=\"false\" \/><\/span> <\/label><\/p>\n<p><label> Assunto<br \/>\n    <span class=\"wpcf7-form-control-wrap your-subject\"><input type=\"text\" name=\"your-subject\" value=\"\" size=\"40\" class=\"wpcf7-form-control wpcf7-text wpcf7-validates-as-required\" aria-required=\"true\" aria-invalid=\"false\" \/><\/span> <\/label><\/p>\n<p><label> Mensagem<br \/>\n    <span class=\"wpcf7-form-control-wrap your-message\"><textarea name=\"your-message\" cols=\"40\" rows=\"10\" class=\"wpcf7-form-control wpcf7-textarea\" aria-invalid=\"false\"><\/textarea><\/span> <\/label><\/p>\n<p><input type=\"submit\" value=\"Enviar\" class=\"wpcf7-form-control wpcf7-submit\" \/><\/p>\n<div class=\"wpcf7-response-output\" aria-hidden=\"true\"><\/div><\/form><\/div>[\/vc_column][\/vc_row]<\/p>\n","protected":false},"excerpt":{"rendered":"<p>[vc_row unlock_row_content=&#8221;yes&#8221; row_height_percent=&#8221;0&#8243; override_padding=&#8221;yes&#8221; h_padding=&#8221;1&#8243; top_padding=&#8221;1&#8243; bottom_padding=&#8221;1&#8243; overlay_alpha=&#8221;50&#8243; equal_height=&#8221;yes&#8221; gutter_size=&#8221;0&#8243; column_width_percent=&#8221;100&#8243; shift_y=&#8221;0&#8243; z_index=&#8221;0&#8243;][vc_column column_width_percent=&#8221;100&#8243; position_horizontal=&#8221;right&#8221; gutter_size=&#8221;3&#8243; override_padding=&#8221;yes&#8221; column_padding=&#8221;0&#8243; back_color=&#8221;color-xsdn&#8221; overlay_alpha=&#8221;50&#8243; [&hellip;]<\/p>\n","protected":false},"author":1,"featured_media":0,"parent":0,"menu_order":0,"comment_status":"closed","ping_status":"closed","template":"","meta":[],"_links":{"self":[{"href":"https:\/\/cecip.org.br\/narrativasdepaz\/wp-json\/wp\/v2\/pages\/50"}],"collection":[{"href":"https:\/\/cecip.org.br\/narrativasdepaz\/wp-json\/wp\/v2\/pages"}],"about":[{"href":"https:\/\/cecip.org.br\/narrativasdepaz\/wp-json\/wp\/v2\/types\/page"}],"author":[{"embeddable":true,"href":"https:\/\/cecip.org.br\/narrativasdepaz\/wp-json\/wp\/v2\/users\/1"}],"replies":[{"embeddable":true,"href":"https:\/\/cecip.org.br\/narrativasdepaz\/wp-json\/wp\/v2\/comments?post=50"}],"version-history":[{"count":249,"href":"https:\/\/cecip.org.br\/narrativasdepaz\/wp-json\/wp\/v2\/pages\/50\/revisions"}],"predecessor-version":[{"id":1864,"href":"https:\/\/cecip.org.br\/narrativasdepaz\/wp-json\/wp\/v2\/pages\/50\/revisions\/1864"}],"wp:attachment":[{"href":"https:\/\/cecip.org.br\/narrativasdepaz\/wp-json\/wp\/v2\/media?parent=50"}],"curies":[{"name":"wp","href":"https:\/\/api.w.org\/{rel}","templated":true}]}}