{"id":514,"date":"2020-12-09T06:21:12","date_gmt":"2020-12-09T06:21:12","guid":{"rendered":"https:\/\/cecip.org.br\/narrativasdepaz\/?page_id=514"},"modified":"2023-04-19T20:41:05","modified_gmt":"2023-04-19T20:41:05","slug":"maesdesanta","status":"publish","type":"page","link":"https:\/\/cecip.org.br\/narrativasdepaz\/maesdesanta\/","title":{"rendered":"M\u00e3es de Santa"},"content":{"rendered":"<p>[vc_row][vc_column width=&#8221;1\/1&#8243;][vc_custom_heading auto_text=&#8221;yes&#8221; heading_semantic=&#8221;h1&#8243; text_font=&#8221;font-315019&#8243; text_size=&#8221;fontsize-168100&#8243; text_color=&#8221;color-150545&#8243;]Quem somos[\/vc_custom_heading][\/vc_column][\/vc_row][vc_row][vc_column column_width_percent=&#8221;100&#8243; gutter_size=&#8221;3&#8243; back_color=&#8221;color-208561&#8243; overlay_alpha=&#8221;50&#8243; border_color=&#8221;color-117259&#8243; border_style=&#8221;dashed&#8221; shift_x=&#8221;0&#8243; shift_y=&#8221;0&#8243; shift_y_down=&#8221;0&#8243; z_index=&#8221;0&#8243; medium_width=&#8221;0&#8243; mobile_width=&#8221;0&#8243; width=&#8221;1\/1&#8243;][vc_column_text text_lead=&#8221;yes&#8221;]<\/p>\n<div class=\"uncode_text_column\">\n<p><span style=\"font-weight: 400;\">O projeto Narrativas de Paz desenvolve atividades com o grupo <strong>M\u00e3es de Santa<\/strong>, um grupo de mulheres gestantes e pu\u00e9rperas, formado pela iniciativa do Instituto Michel Odent (IMO). O<\/span>riginalmente, o grupo foi formado por moradoras do Morro dos Prazeres, em Santa Teresa, e hoje conta com a participa\u00e7\u00e3o de m\u00e3es de outras comunidades do entorno. <span style=\"font-family: -apple-system, BlinkMacSystemFont, 'Segoe UI', Roboto, Oxygen-Sans, Ubuntu, Cantarell, 'Helvetica Neue', sans-serif;\">As atividades s\u00e3o realizadas em parceria <\/span>com a enfermeira obstetra <span style=\"font-family: -apple-system, BlinkMacSystemFont, 'Segoe UI', Roboto, Oxygen-Sans, Ubuntu, Cantarell, 'Helvetica Neue', sans-serif;\">Helo\u00edsa Lessa, do IMO, <\/span>e a equipe de Estrat\u00e9gia Sa\u00fade da Fam\u00edlia do CMS Ernani Agr\u00edcola que atende a comunidade<span style=\"font-family: -apple-system, BlinkMacSystemFont, 'Segoe UI', Roboto, Oxygen-Sans, Ubuntu, Cantarell, 'Helvetica Neue', sans-serif;\">. Esse trabalho tem como foco a troca de informa\u00e7\u00f5es sobre o desenvolvimento na primeira inf\u00e2ncia, o fortalecimento do grupo como um elemento da rede de apoio dessas mulheres, e o exerc\u00edcio de pr\u00e1ticas de autocuidado, pensando no desenvolvimento de estrat\u00e9gias para contribuir com a solu\u00e7\u00e3o do dilema: \u201cquem cuida de quem cuida?\u201d<\/span><\/p>\n<p><span style=\"font-weight: 400;\"><strong>Facilitadora de Refer\u00eancia:<\/strong> Flavia Fassi Samel<\/span><\/div>\n<p>[\/vc_column_text][\/vc_column][\/vc_row][vc_row unlock_row_content=&#8221;yes&#8221; row_height_percent=&#8221;0&#8243; override_padding=&#8221;yes&#8221; h_padding=&#8221;0&#8243; top_padding=&#8221;0&#8243; bottom_padding=&#8221;0&#8243; overlay_alpha=&#8221;100&#8243; gutter_size=&#8221;100&#8243; column_width_percent=&#8221;100&#8243; shift_y=&#8221;0&#8243; z_index=&#8221;0&#8243; style=&#8221;inherited&#8221;][vc_column column_width_percent=&#8221;100&#8243; align_horizontal=&#8221;align_center&#8221; gutter_size=&#8221;3&#8243; overlay_alpha=&#8221;50&#8243; shift_x=&#8221;0&#8243; shift_y=&#8221;0&#8243; medium_width=&#8221;0&#8243; zoom_width=&#8221;0&#8243; zoom_height=&#8221;0&#8243; width=&#8221;1\/1&#8243;][vc_gallery el_id=&#8221;gallery-958453445&#8243; type=&#8221;carousel&#8221; medias=&#8221;564,565,566,567,568&#8243; carousel_lg=&#8221;5&#8243; carousel_md=&#8221;1&#8243; carousel_sm=&#8221;1&#8243; thumb_size=&#8221;one-one&#8221; gutter_size=&#8221;1&#8243; media_items=&#8221;media,icon&#8221; carousel_interval=&#8221;3000&#8243; carousel_navspeed=&#8221;400&#8243; carousel_dots=&#8221;yes&#8221; carousel_dots_mobile=&#8221;yes&#8221; carousel_dots_inside=&#8221;yes&#8221; carousel_dot_padding=&#8221;2&#8243; stage_padding=&#8221;0&#8243; single_overlay_opacity=&#8221;50&#8243; single_text_anim_type=&#8221;btt&#8221; single_h_align=&#8221;center&#8221; single_padding=&#8221;2&#8243; single_icon=&#8221;fa fa-search3&#8243; single_border=&#8221;yes&#8221; single_css_animation=&#8221;bottom-t-top&#8221; single_animation_delay=&#8221;200&#8243; lbox_caption=&#8221;yes&#8221; no_double_tap=&#8221;yes&#8221; carousel_rtl=&#8221;&#8221; single_title_uppercase=&#8221;&#8221; single_title_bold=&#8221;&#8221; single_title_serif=&#8221;&#8221; onclick=&#8221;link_image&#8221; custom_links_target=&#8221;_self&#8221; items=&#8221;eyI4ODY4X2kiOnsic2luZ2xlX3dpZHRoIjoiNCIsInNpbmdsZV9oZWlnaHQiOiI0In0sIjg4NjJfaSI6eyJzaW5nbGVfd2lkdGgiOiI0Iiwic2luZ2xlX2hlaWdodCI6IjQifSwiODg2MF9pIjp7InNpbmdsZV93aWR0aCI6IjQifX0=&#8221; single_half_padding=&#8221;&#8221; single_no_background=&#8221;&#8221;][\/vc_column][\/vc_row][vc_row row_height_percent=&#8221;0&#8243; overlay_alpha=&#8221;50&#8243; gutter_size=&#8221;3&#8243; column_width_percent=&#8221;100&#8243; shift_y=&#8221;0&#8243; z_index=&#8221;0&#8243; enable_top_divider=&#8221;custom&#8221; shape_top_h_use_pixel=&#8221;&#8221; shape_top_height=&#8221;150&#8243; shape_top_opacity=&#8221;100&#8243; shape_top_index=&#8221;0&#8243; css=&#8221;.vc_custom_1618504640627{border-right-width: 2px !important;}&#8221;][vc_column width=&#8221;1\/2&#8243;][vc_separator sep_color=&#8221;color-208561&#8243;][vc_column_text text_lead=&#8221;yes&#8221;]<strong>O Narrativas de Paz produz uma s\u00e9rie de PODCASTS a partir dos assuntos que surgem nos encontros de m\u00e3es e pu\u00e9rperas.<br \/>\n<\/strong><strong>Os \u00e1udios trazem falas das participantes do grupo M\u00e3es de Santa e a colabora\u00e7\u00e3o de profissionais de diversas \u00e1reas. Fique \u00e0 vontade para ouvir e compartilhar, basta escolher o conte\u00fado e clicar no seu t\u00edtulo para ouvir <em>on-line<\/em>.<\/strong>[\/vc_column_text][vc_single_image media=&#8221;1123&#8243; media_width_percent=&#8221;100&#8243;][\/vc_column][vc_column column_width_percent=&#8221;100&#8243; gutter_size=&#8221;3&#8243; back_color=&#8221;color-208561&#8243; overlay_alpha=&#8221;60&#8243; shift_x=&#8221;0&#8243; shift_y=&#8221;0&#8243; shift_y_down=&#8221;0&#8243; z_index=&#8221;0&#8243; medium_width=&#8221;0&#8243; mobile_width=&#8221;0&#8243; width=&#8221;1\/2&#8243;][vc_column_text text_lead=&#8221;yes&#8221;]<strong><a href=\"https:\/\/drive.google.com\/file\/d\/1DGVg0utpkQCGAUOk63gdD-pqyIb6rLgh\/view?usp=sharing\" target=\"_blank\" rel=\"noopener noreferrer\">Podcast Mamas de tamanhos diferentes<\/a><\/strong><br \/>\nSobre amamenta\u00e7\u00e3o com as convidadas:<br \/>\n<strong>Wivian Ribeiro<\/strong> &#8211; Designer e m\u00e3e participante do M\u00e3es de Santa<br \/>\n<strong>Helo\u00edsa Lessa<\/strong> &#8211; Enfermeira obstetra, fundadora do IMO Instituto Michel Odent<\/p>\n<p><strong><a href=\"https:\/\/drive.google.com\/file\/d\/1UkbxM1er2ZKpGdkaCohiUAVqIMAY_vch\/view?usp=sharing\" target=\"_blank\" rel=\"noopener noreferrer\">Podcast D\u00favidas sobre o uso de andador<\/a><br \/>\n<\/strong>Sobre primeira inf\u00e2ncia com as convidadas:<br \/>\n<strong>Ozana da Concei\u00e7\u00e3o<\/strong> &#8211; M\u00e3e da Vict\u00f3ria e gestante, ela \u00e9\u00a0participante do M\u00e3es de Santa<br \/>\n<strong>Dominique Klaczko<\/strong> &#8211; Fisioterapeuta em obstetr\u00edcia<\/p>\n<p><strong><a href=\"https:\/\/drive.google.com\/file\/d\/1D3NugI0jmC_dzPRwz_PbeT2kNUz4yLHO\/view?usp=sharing\" target=\"_blank\" rel=\"noopener noreferrer\">Podcast Celebrando o m\u00eas das m\u00e3es<\/a><br \/>\n<\/strong>Sobre a experi\u00eancia de ser m\u00e3e com as participantes do grupo M\u00e3es de Santa:<br \/>\n<strong>Bianca Fernandes<br \/>\n<\/strong><b>Cida Assun\u00e7\u00e3o<br \/>\n<\/b><b>Helo\u00edsa Lessa<br \/>\n<\/b><strong>Jackeline de Jesus<br \/>\n<\/strong><b>Tha\u00eds Coutinho<\/b><\/p>\n<p><span style=\"color: #33cccc;\"><strong><a style=\"color: #33cccc;\" href=\"https:\/\/drive.google.com\/file\/d\/1cvbmfOsk-ZAIKgPXF11Ml4ZFpQoqxe2G\/view?usp=sharing\" target=\"_blank\" rel=\"noopener noreferrer\">Podcast Homenagem ao dia do ACS<\/a><br \/>\n<\/strong><\/span>O <strong>Dia Nacional dos Agentes de Sa\u00fade<\/strong> \u00e9 comemorado no dia 4 de outubro, nesta edi\u00e7\u00e3o especial, ouvimos as falas de usu\u00e1rios do Centro Municipal de Sa\u00fade Ernani Agr\u00edcola sobre o atendimento e a import\u00e2ncia do grupo de<span style=\"color: #333333;\"> <a style=\"color: #333333;\" href=\"https:\/\/cecip.org.br\/narrativasdepaz\/acs\/\">Agentes Comunit\u00e1rios de Sa\u00fade<\/a> <\/span>no bairro de Santa Teresa. A homenagem conta com a participa\u00e7\u00e3o de:<br \/>\n<strong>Ruani<\/strong> &#8211; educadora de institui\u00e7\u00f5es de <span style=\"color: #333333;\"><a style=\"color: #333333;\" href=\"https:\/\/cecip.org.br\/narrativasdepaz\/educacao-infantil\/\">educa\u00e7\u00e3o infantil<\/a> <\/span>em Santa Teresa<br \/>\n<strong>Mariana<\/strong> &#8211; m\u00e3e participante do grupo <span style=\"color: #ffffff;\"><span style=\"color: #000000;\"><span style=\"color: #333333;\">M\u00e3es de Santa<\/span><br \/>\n<\/span><\/span><strong>Ed Cura<\/strong> &#8211; artista visual morador da comunidade do Fallet<\/p>\n<p><strong><a href=\"https:\/\/drive.google.com\/file\/d\/1E4q6Sf8ajMnyIbqcAaSs0qZ2-6ik3v7l\/view?usp=sharing\" target=\"_blank\" rel=\"noopener noreferrer\">Podcast CMS Ernani Agr\u00edcola informa: Atendimento<\/a><br \/>\n<\/strong>Informa\u00e7\u00f5es sobre o atendimento de gestantes e pu\u00e9rperas no Centro Municipal de Sa\u00fade Ernani Agr\u00edcola, com a participa\u00e7\u00e3o das Agentes Comunit\u00e1rias de Sa\u00fade:<br \/>\n<strong>Rosa <\/strong>e<strong> In\u00e1cia<br \/>\n<\/strong><\/p>\n<p><strong><a href=\"https:\/\/drive.google.com\/file\/d\/11Pwbj6NHWjiS5jEFM_tiFSdR0bnIKtlN\/view?usp=sharing\" target=\"_blank\" rel=\"noopener noreferrer\">Podcast CMS Ernani Agr\u00edcola informa: Direitos<\/a><br \/>\n<\/strong>Informa\u00e7\u00f5es sobre os direitos trabalhistas de gestantes e pu\u00e9rperas, com a participa\u00e7\u00e3o das Agentes Comunit\u00e1rias de Sa\u00fade:<strong><br \/>\nRosa <\/strong>e<strong> Carol<\/strong><\/p>\n<p><strong><a href=\"https:\/\/drive.google.com\/file\/d\/1Ns3LwctIyndAdLZMH-0SQ2n5-9oJoVUL\/view\" target=\"_blank\" rel=\"noopener noreferrer\">Podcast Vacina\u00e7\u00e3o Infantil contra a COVID-19<\/a><\/strong><br \/>\nInforma\u00e7\u00f5es sobre a vacina\u00e7\u00e3o infantil em fevereiro\/2022, a partir das fontes: SMS\/RJ e Fiocruz.[\/vc_column_text][\/vc_column][\/vc_row][vc_row unlock_row_content=&#8221;yes&#8221; row_height_percent=&#8221;0&#8243; override_padding=&#8221;yes&#8221; h_padding=&#8221;0&#8243; top_padding=&#8221;0&#8243; bottom_padding=&#8221;0&#8243; overlay_alpha=&#8221;100&#8243; gutter_size=&#8221;100&#8243; column_width_percent=&#8221;100&#8243; shift_y=&#8221;0&#8243; z_index=&#8221;0&#8243; style=&#8221;inherited&#8221;][vc_column column_width_percent=&#8221;100&#8243; align_horizontal=&#8221;align_center&#8221; gutter_size=&#8221;3&#8243; overlay_alpha=&#8221;50&#8243; shift_x=&#8221;0&#8243; shift_y=&#8221;0&#8243; medium_width=&#8221;0&#8243; zoom_width=&#8221;0&#8243; zoom_height=&#8221;0&#8243; width=&#8221;1\/1&#8243;][vc_custom_heading heading_semantic=&#8221;h1&#8243; text_font=&#8221;font-315019&#8243; text_size=&#8221;fontsize-192918&#8243; text_color=&#8221;color-150545&#8243; subheading=&#8221;O Projeto Narrativas de Paz organizou uma roda de conversa do grupo M\u00e3es de Santa com a convidada Vivan Abukater, da Rede Maternativa.<br \/>\nE este v\u00eddeo \u00e9 o resultado do encontro, trazendo dicas para m\u00e3es interessadas em iniciar ou melhorar o seu neg\u00f3cio.&#8221;]<\/p>\n<h1 class=\"title style-scope ytd-video-primary-info-renderer\" style=\"text-align: center;\"><strong><span class=\"font-315019\" style=\"color: #ff6600;\">Live Narrativas de Paz com o grupo M\u00e3es de Santa<\/span><\/strong><\/h1>\n<p>[\/vc_custom_heading][\/vc_column][\/vc_row][vc_row row_height_percent=&#8221;38&#8243; override_padding=&#8221;yes&#8221; h_padding=&#8221;3&#8243; top_padding=&#8221;5&#8243; bottom_padding=&#8221;0&#8243; back_color=&#8221;color-xsdn&#8221; overlay_alpha=&#8221;50&#8243; gutter_size=&#8221;3&#8243; column_width_percent=&#8221;100&#8243; shift_y=&#8221;0&#8243; z_index=&#8221;2&#8243;][vc_column column_width_use_pixel=&#8221;yes&#8221; position_vertical=&#8221;middle&#8221; align_horizontal=&#8221;align_center&#8221; gutter_size=&#8221;3&#8243; overlay_alpha=&#8221;50&#8243; shift_x=&#8221;0&#8243; shift_y=&#8221;0&#8243; shift_y_down=&#8221;-5&#8243; shift_y_down_fixed=&#8221;yes&#8221; z_index=&#8221;0&#8243; medium_width=&#8221;0&#8243; align_mobile=&#8221;align_center_mobile&#8221; mobile_width=&#8221;0&#8243; width=&#8221;1\/1&#8243; column_width_pixel=&#8221;900&#8243;][vc_row_inner row_inner_height_percent=&#8221;33&#8243; overlay_alpha=&#8221;50&#8243; gutter_size=&#8221;3&#8243; shift_y=&#8221;0&#8243; z_index=&#8221;0&#8243; limit_content=&#8221;&#8221;][vc_column_inner column_width_use_pixel=&#8221;yes&#8221; align_horizontal=&#8221;align_center&#8221; gutter_size=&#8221;3&#8243; override_padding=&#8221;yes&#8221; column_padding=&#8221;0&#8243; overlay_alpha=&#8221;50&#8243; shift_x=&#8221;0&#8243; shift_y=&#8221;0&#8243; shift_y_down=&#8221;0&#8243; z_index=&#8221;0&#8243; medium_width=&#8221;0&#8243; mobile_width=&#8221;0&#8243; width=&#8221;1\/1&#8243; column_width_pixel=&#8221;900&#8243;][vc_single_image media=&#8221;968&#8243; media_lightbox=&#8221;yes&#8221; media_width_percent=&#8221;100&#8243; media_ratio=&#8221;sixteen-nine&#8221; shadow=&#8221;yes&#8221; advanced=&#8221;yes&#8221; media_items=&#8221;media|poster,icon|xl&#8221; media_overlay_opacity=&#8221;15&#8243; media_text_visible=&#8221;yes&#8221; media_overlay_visible=&#8221;yes&#8221; media_image_anim=&#8221;no&#8221; media_h_align=&#8221;center&#8221; media_padding=&#8221;2&#8243; media_icon=&#8221;fa fa-play&#8221;][\/vc_column_inner][\/vc_row_inner][\/vc_column][\/vc_row][vc_row row_height_percent=&#8221;0&#8243; override_padding=&#8221;yes&#8221; h_padding=&#8221;2&#8243; top_padding=&#8221;2&#8243; bottom_padding=&#8221;5&#8243; overlay_alpha=&#8221;50&#8243; gutter_size=&#8221;3&#8243; column_width_percent=&#8221;100&#8243; border_color=&#8221;color-gyho&#8221; border_style=&#8221;solid&#8221; shift_y=&#8221;0&#8243; z_index=&#8221;0&#8243; css=&#8221;.vc_custom_1555335928240{border-top-width: 1px !important;}&#8221;][vc_column column_width_percent=&#8221;100&#8243; align_horizontal=&#8221;align_center&#8221; gutter_size=&#8221;3&#8243; overlay_alpha=&#8221;50&#8243; shift_x=&#8221;0&#8243; shift_y=&#8221;0&#8243; shift_y_down=&#8221;0&#8243; z_index=&#8221;0&#8243; medium_width=&#8221;0&#8243; mobile_width=&#8221;0&#8243; width=&#8221;1\/1&#8243;][vc_empty_space empty_h=&#8221;5&#8243;][\/vc_column][\/vc_row][vc_row][vc_column width=&#8221;1\/1&#8243;][vc_custom_heading heading_semantic=&#8221;h1&#8243; text_font=&#8221;font-315019&#8243; text_size=&#8221;fontsize-192918&#8243; text_color=&#8221;color-150545&#8243;]Not\u00edcias sobre o Grupo M\u00e3es de Santa[\/vc_custom_heading][\/vc_column][\/vc_row][vc_row][vc_column width=&#8221;1\/1&#8243;][vc_button button_color=&#8221;color-208561&#8243; border_width=&#8221;0&#8243; link=&#8221;url:https%3A%2F%2Fcecip.org.br%2Fnarrativasdepaz%2F2022%2F06%2F13%2Fser-ativista-de-historias%2F|title:Ser%20ativista%20de%20hist%C3%B3rias&#8221;]Ser ativista de hist\u00f3rias[\/vc_button][vc_button button_color=&#8221;color-208561&#8243; border_width=&#8221;0&#8243; link=&#8221;url:https%3A%2F%2Fcecip.org.br%2Fnarrativasdepaz%2F2022%2F04%2F18%2Fmaes-de-santa-mostram-suas-producoes-no-casarao-dos-prazeres%2F|title:M%C3%A3es%20de%20Santa%20mostram&#8221;]M\u00e3es de Santa mostram suas produ\u00e7\u00f5es no Casar\u00e3o dos Prazeres[\/vc_button][vc_button button_color=&#8221;color-208561&#8243; border_width=&#8221;0&#8243; link=&#8221;url:https%3A%2F%2Fcecip.org.br%2Fnarrativasdepaz%2F2022%2F01%2F25%2Frodas-de-conversa-maes-de-santa-2022%2F|title:Rodas%20de%20Conversa%20M%C3%A3es%20de%20Santa%202022&#8243;]Rodas de Conversa M\u00e3es de Santa 2022[\/vc_button][vc_button button_color=&#8221;color-208561&#8243; border_width=&#8221;0&#8243; link=&#8221;url:https%3A%2F%2Fcecip.org.br%2Fnarrativasdepaz%2F2021%2F11%2F24%2Foficina-desmame-gentil%2F|title:Oficina%20Desmame%20Gentil&#8221;]Oficina Desmame Gentil[\/vc_button][vc_button button_color=&#8221;color-208561&#8243; border_width=&#8221;0&#8243; link=&#8221;url:https%3A%2F%2Fcecip.org.br%2Fnarrativasdepaz%2F2021%2F10%2F21%2Foficinas-narrativas-de-paz-e-maes-de-santa%2F|title:Oficinas%20Narrativas%20de%20Paz%20e%20M%C3%A3es%20de%20Santa&#8221;]Oficinas Narrativas de Paz e M\u00e3es de Santa[\/vc_button][vc_button button_color=&#8221;color-208561&#8243; border_width=&#8221;0&#8243; link=&#8221;url:https%3A%2F%2Fcecip.org.br%2Fnarrativasdepaz%2F2021%2F05%2F07%2Fcelebracao-do-dia-das-maes%2F|title:Celebra%C3%A7%C3%A3o%20do%20Dia%20das%20M%C3%A3es&#8221;]Celebra\u00e7\u00e3o do Dia das M\u00e3es[\/vc_button][\/vc_column][\/vc_row]<\/p>\n","protected":false},"excerpt":{"rendered":"<p>[vc_row][vc_column width=&#8221;1\/1&#8243;][vc_custom_heading auto_text=&#8221;yes&#8221; heading_semantic=&#8221;h1&#8243; text_font=&#8221;font-315019&#8243; text_size=&#8221;fontsize-168100&#8243; text_color=&#8221;color-150545&#8243;]Quem somos[\/vc_custom_heading][\/vc_column][\/vc_row][vc_row][vc_column column_width_percent=&#8221;100&#8243; gutter_size=&#8221;3&#8243; back_color=&#8221;color-208561&#8243; overlay_alpha=&#8221;50&#8243; border_color=&#8221;color-117259&#8243; border_style=&#8221;dashed&#8221; shift_x=&#8221;0&#8243; shift_y=&#8221;0&#8243; shift_y_down=&#8221;0&#8243; z_index=&#8221;0&#8243; medium_width=&#8221;0&#8243; mobile_width=&#8221;0&#8243; [&hellip;]<\/p>\n","protected":false},"author":1,"featured_media":0,"parent":0,"menu_order":0,"comment_status":"closed","ping_status":"closed","template":"","meta":[],"_links":{"self":[{"href":"https:\/\/cecip.org.br\/narrativasdepaz\/wp-json\/wp\/v2\/pages\/514"}],"collection":[{"href":"https:\/\/cecip.org.br\/narrativasdepaz\/wp-json\/wp\/v2\/pages"}],"about":[{"href":"https:\/\/cecip.org.br\/narrativasdepaz\/wp-json\/wp\/v2\/types\/page"}],"author":[{"embeddable":true,"href":"https:\/\/cecip.org.br\/narrativasdepaz\/wp-json\/wp\/v2\/users\/1"}],"replies":[{"embeddable":true,"href":"https:\/\/cecip.org.br\/narrativasdepaz\/wp-json\/wp\/v2\/comments?post=514"}],"version-history":[{"count":39,"href":"https:\/\/cecip.org.br\/narrativasdepaz\/wp-json\/wp\/v2\/pages\/514\/revisions"}],"predecessor-version":[{"id":1471,"href":"https:\/\/cecip.org.br\/narrativasdepaz\/wp-json\/wp\/v2\/pages\/514\/revisions\/1471"}],"wp:attachment":[{"href":"https:\/\/cecip.org.br\/narrativasdepaz\/wp-json\/wp\/v2\/media?parent=514"}],"curies":[{"name":"wp","href":"https:\/\/api.w.org\/{rel}","templated":true}]}}